{"id":327,"date":"2025-06-19T15:00:24","date_gmt":"2025-06-19T15:00:24","guid":{"rendered":"https:\/\/josebarradas.com\/terrasdosabugal\/?page_id=327"},"modified":"2025-06-19T21:32:44","modified_gmt":"2025-06-19T21:32:44","slug":"press-release","status":"publish","type":"page","link":"https:\/\/josebarradas.com\/terrasdosabugal\/press-release\/","title":{"rendered":"Press Release"},"content":{"rendered":"\n<p><strong>Terras do Sabugal, um Concelho para descobrir.<\/strong><\/p>\n\n\n\n<p>O concelho do Sabugal, situado no distrito da Guarda, a nordeste do territ\u00f3rio nacional, \u00e9 um concelho rico em patrim\u00f3nio, algum dele de caracter\u00edsticas \u00fanicas no pa\u00eds. Um concelho que at\u00e9 2013 foi constitu\u00eddo por 40 freguesias, constantes no livro, tem uma \u00e1rea de 822,7 Km2 e uma popula\u00e7\u00e3o que ultrapassa os 12.000 habitantes.<\/p>\n\n\n\n<p>O livro \u201cTerras do Concelho do Sabugal &#8211; Patrim\u00f3nio\u201d, da autoria de Jos\u00e9 Barradas, jornalista e fot\u00f3grafo, com ra\u00edzes no concelho do Sabugal \u00e9 o melhor e maior guia do patrim\u00f3nio do concelho do Sabugal.<\/p>\n\n\n\n<p>A ideia de criar uma obra onde constasse algum do mais relevante patrim\u00f3nio do concelho nasceu em 2015, parti ent\u00e3o para o terreno para fazer milhares de registos fotogr\u00e1ficos do patrim\u00f3nio edificado de toda a regi\u00e3o. A escolha recaiu em 378 fotografias finais constantes no livro. Ap\u00f3s esta escolha todas as fotografias passaram por um minucioso processo de tratamento e manipula\u00e7\u00e3o digital, n\u00e3o com o objetivo de alterar ou descaracterizar qualquer monumento ou local, mas apenas para melhorar o resultado visual final de cada fotografia, para isso houve a necessidade de remover elementos que por vezes provocavam algum ru\u00eddo visual, tais como cabos el\u00e9tricos, sinal\u00e9ticas diversas ou os habituais megafones instalados nos campan\u00e1rios das igrejas e capelas. Elementos t\u00e3o essenciais na sociedade atual, mas que ofuscam a est\u00e9tica do local e dos monumentos, retirando beleza visual ao resultado final que se pretende numa obra cujo principais conte\u00fados s\u00e3o as fotografias em si e os monumentos que nelas constam.<\/p>\n\n\n\n<p>O livro divide-se em duas principais sec\u00e7\u00f5es, a primeira onde constam os 378 registos fotogr\u00e1ficos das antigas 40 freguesias do concelho, ordenadas por ordem alfab\u00e9tica, e no final a geo-referencia\u00e7\u00e3o de 145 locais, o que permite uma visita r\u00e1pida ao mais interessante patrim\u00f3nio do concelho. O livro <strong>Terras do Sabugal &#8211; Patrim\u00f3nio<\/strong> n\u00e3o tem como prop\u00f3sito ser um guia exaustivo do patrim\u00f3nio do concelho. O prop\u00f3sito principal \u00e9 sobretudo que este livro sirva de ponto inicial para que cada um parta \u00e0 descoberta n\u00e3o apenas do patrim\u00f3nio edificado mas tamb\u00e9m das paisagens, das&nbsp; gentes, das tradi\u00e7\u00f5es e dos muitos recantos que este concelho \u00edmpar tem para oferecer.<\/p>\n\n\n\n<p class=\"has-text-align-left\">Jos\u00e9 Barradas<\/p>\n\n\n\n<p class=\"has-text-align-center\"><br><strong>(Qualquer uma das seguintes imagens pode ser utilizada livre de quaisquer direitos, apenas para efeitos de divulga\u00e7\u00e3o da obra)<\/strong><\/p>\n\n\n\n<figure class=\"wp-block-image size-large\"><img loading=\"lazy\" decoding=\"async\" width=\"1024\" height=\"575\" src=\"https:\/\/josebarradas.com\/terrasdosabugal\/wp-content\/uploads\/2025\/06\/20170804_141738-1-1024x575.jpg\" alt=\"\" class=\"wp-image-349\" srcset=\"https:\/\/josebarradas.com\/terrasdosabugal\/wp-content\/uploads\/2025\/06\/20170804_141738-1-1024x575.jpg 1024w, https:\/\/josebarradas.com\/terrasdosabugal\/wp-content\/uploads\/2025\/06\/20170804_141738-1-300x169.jpg 300w, https:\/\/josebarradas.com\/terrasdosabugal\/wp-content\/uploads\/2025\/06\/20170804_141738-1-768x431.jpg 768w, https:\/\/josebarradas.com\/terrasdosabugal\/wp-content\/uploads\/2025\/06\/20170804_141738-1-1536x863.jpg 1536w, https:\/\/josebarradas.com\/terrasdosabugal\/wp-content\/uploads\/2025\/06\/20170804_141738-1-2048x1151.jpg 2048w\" sizes=\"auto, (max-width: 1024px) 100vw, 1024px\" \/><\/figure>\n\n\n\n<p><\/p>\n\n\n<div class=\"wp-block-image\">\n<figure class=\"aligncenter size-large\"><img loading=\"lazy\" decoding=\"async\" width=\"1024\" height=\"558\" src=\"https:\/\/josebarradas.com\/terrasdosabugal\/wp-content\/uploads\/2025\/06\/20170804_154115-1024x558.jpg\" alt=\"\" class=\"wp-image-350\" srcset=\"https:\/\/josebarradas.com\/terrasdosabugal\/wp-content\/uploads\/2025\/06\/20170804_154115-1024x558.jpg 1024w, https:\/\/josebarradas.com\/terrasdosabugal\/wp-content\/uploads\/2025\/06\/20170804_154115-300x164.jpg 300w, https:\/\/josebarradas.com\/terrasdosabugal\/wp-content\/uploads\/2025\/06\/20170804_154115-768x419.jpg 768w, https:\/\/josebarradas.com\/terrasdosabugal\/wp-content\/uploads\/2025\/06\/20170804_154115-1536x837.jpg 1536w, https:\/\/josebarradas.com\/terrasdosabugal\/wp-content\/uploads\/2025\/06\/20170804_154115-2048x1117.jpg 2048w\" sizes=\"auto, (max-width: 1024px) 100vw, 1024px\" \/><\/figure>\n<\/div>\n\n\n<p><\/p>\n\n\n<div class=\"wp-block-image\">\n<figure class=\"aligncenter size-large\"><img loading=\"lazy\" decoding=\"async\" width=\"1024\" height=\"576\" src=\"https:\/\/josebarradas.com\/terrasdosabugal\/wp-content\/uploads\/2025\/06\/20170927_172056-1024x576.jpg\" alt=\"\" class=\"wp-image-351\" srcset=\"https:\/\/josebarradas.com\/terrasdosabugal\/wp-content\/uploads\/2025\/06\/20170927_172056-1024x576.jpg 1024w, https:\/\/josebarradas.com\/terrasdosabugal\/wp-content\/uploads\/2025\/06\/20170927_172056-300x169.jpg 300w, https:\/\/josebarradas.com\/terrasdosabugal\/wp-content\/uploads\/2025\/06\/20170927_172056-768x432.jpg 768w, https:\/\/josebarradas.com\/terrasdosabugal\/wp-content\/uploads\/2025\/06\/20170927_172056-1536x864.jpg 1536w, https:\/\/josebarradas.com\/terrasdosabugal\/wp-content\/uploads\/2025\/06\/20170927_172056-2048x1152.jpg 2048w\" sizes=\"auto, (max-width: 1024px) 100vw, 1024px\" \/><\/figure>\n<\/div>\n\n\n<p><\/p>\n\n\n<div class=\"wp-block-image\">\n<figure class=\"aligncenter size-large\"><img loading=\"lazy\" decoding=\"async\" width=\"1024\" height=\"684\" src=\"https:\/\/josebarradas.com\/terrasdosabugal\/wp-content\/uploads\/2025\/06\/Terras-do-Sabugal-patrimonio-01-1-1024x684.jpeg\" alt=\"\" class=\"wp-image-352\" srcset=\"https:\/\/josebarradas.com\/terrasdosabugal\/wp-content\/uploads\/2025\/06\/Terras-do-Sabugal-patrimonio-01-1-1024x684.jpeg 1024w, https:\/\/josebarradas.com\/terrasdosabugal\/wp-content\/uploads\/2025\/06\/Terras-do-Sabugal-patrimonio-01-1-300x200.jpeg 300w, https:\/\/josebarradas.com\/terrasdosabugal\/wp-content\/uploads\/2025\/06\/Terras-do-Sabugal-patrimonio-01-1-768x513.jpeg 768w, https:\/\/josebarradas.com\/terrasdosabugal\/wp-content\/uploads\/2025\/06\/Terras-do-Sabugal-patrimonio-01-1-1536x1026.jpeg 1536w, https:\/\/josebarradas.com\/terrasdosabugal\/wp-content\/uploads\/2025\/06\/Terras-do-Sabugal-patrimonio-01-1-750x500.jpeg 750w, https:\/\/josebarradas.com\/terrasdosabugal\/wp-content\/uploads\/2025\/06\/Terras-do-Sabugal-patrimonio-01-1-337x226.jpeg 337w, https:\/\/josebarradas.com\/terrasdosabugal\/wp-content\/uploads\/2025\/06\/Terras-do-Sabugal-patrimonio-01-1.jpeg 1578w\" sizes=\"auto, (max-width: 1024px) 100vw, 1024px\" \/><\/figure>\n<\/div>\n\n\n<p><\/p>\n\n\n<div class=\"wp-block-image\">\n<figure class=\"aligncenter size-large is-resized\"><img loading=\"lazy\" decoding=\"async\" width=\"696\" height=\"1024\" src=\"https:\/\/josebarradas.com\/terrasdosabugal\/wp-content\/uploads\/2025\/06\/Terras-do-Sabugal-patrimonio-02-696x1024.jpeg\" alt=\"\" class=\"wp-image-353\" style=\"width:618px;height:auto\" srcset=\"https:\/\/josebarradas.com\/terrasdosabugal\/wp-content\/uploads\/2025\/06\/Terras-do-Sabugal-patrimonio-02-696x1024.jpeg 696w, https:\/\/josebarradas.com\/terrasdosabugal\/wp-content\/uploads\/2025\/06\/Terras-do-Sabugal-patrimonio-02-204x300.jpeg 204w, https:\/\/josebarradas.com\/terrasdosabugal\/wp-content\/uploads\/2025\/06\/Terras-do-Sabugal-patrimonio-02-768x1130.jpeg 768w, https:\/\/josebarradas.com\/terrasdosabugal\/wp-content\/uploads\/2025\/06\/Terras-do-Sabugal-patrimonio-02-1044x1536.jpeg 1044w, https:\/\/josebarradas.com\/terrasdosabugal\/wp-content\/uploads\/2025\/06\/Terras-do-Sabugal-patrimonio-02.jpeg 1146w\" sizes=\"auto, (max-width: 696px) 100vw, 696px\" \/><\/figure>\n<\/div>\n\n\n<p><\/p>\n\n\n<div class=\"wp-block-image\">\n<figure class=\"aligncenter size-large\"><img loading=\"lazy\" decoding=\"async\" width=\"1024\" height=\"655\" src=\"https:\/\/josebarradas.com\/terrasdosabugal\/wp-content\/uploads\/2025\/06\/Terras-do-Sabugal-Patrimonio-04-1024x655.jpeg\" alt=\"\" class=\"wp-image-354\" srcset=\"https:\/\/josebarradas.com\/terrasdosabugal\/wp-content\/uploads\/2025\/06\/Terras-do-Sabugal-Patrimonio-04-1024x655.jpeg 1024w, https:\/\/josebarradas.com\/terrasdosabugal\/wp-content\/uploads\/2025\/06\/Terras-do-Sabugal-Patrimonio-04-300x192.jpeg 300w, https:\/\/josebarradas.com\/terrasdosabugal\/wp-content\/uploads\/2025\/06\/Terras-do-Sabugal-Patrimonio-04-768x491.jpeg 768w, https:\/\/josebarradas.com\/terrasdosabugal\/wp-content\/uploads\/2025\/06\/Terras-do-Sabugal-Patrimonio-04-1536x982.jpeg 1536w, https:\/\/josebarradas.com\/terrasdosabugal\/wp-content\/uploads\/2025\/06\/Terras-do-Sabugal-Patrimonio-04.jpeg 1799w\" sizes=\"auto, (max-width: 1024px) 100vw, 1024px\" \/><\/figure>\n<\/div>\n\n\n<p><\/p>\n\n\n<div class=\"wp-block-image\">\n<figure class=\"aligncenter size-large\"><img loading=\"lazy\" decoding=\"async\" width=\"1024\" height=\"514\" src=\"https:\/\/josebarradas.com\/terrasdosabugal\/wp-content\/uploads\/2025\/06\/Terras-do-Sabugal-Patrimonio-fotografia-capa-1024x514.jpg\" alt=\"\" class=\"wp-image-355\" srcset=\"https:\/\/josebarradas.com\/terrasdosabugal\/wp-content\/uploads\/2025\/06\/Terras-do-Sabugal-Patrimonio-fotografia-capa-1024x514.jpg 1024w, https:\/\/josebarradas.com\/terrasdosabugal\/wp-content\/uploads\/2025\/06\/Terras-do-Sabugal-Patrimonio-fotografia-capa-300x151.jpg 300w, https:\/\/josebarradas.com\/terrasdosabugal\/wp-content\/uploads\/2025\/06\/Terras-do-Sabugal-Patrimonio-fotografia-capa-768x386.jpg 768w, https:\/\/josebarradas.com\/terrasdosabugal\/wp-content\/uploads\/2025\/06\/Terras-do-Sabugal-Patrimonio-fotografia-capa-1536x771.jpg 1536w, https:\/\/josebarradas.com\/terrasdosabugal\/wp-content\/uploads\/2025\/06\/Terras-do-Sabugal-Patrimonio-fotografia-capa.jpg 2000w\" sizes=\"auto, (max-width: 1024px) 100vw, 1024px\" \/><\/figure>\n<\/div>\n\n\n<p><\/p>\n\n\n<div class=\"wp-block-image\">\n<figure class=\"aligncenter size-large\"><img loading=\"lazy\" decoding=\"async\" width=\"1024\" height=\"702\" src=\"https:\/\/josebarradas.com\/terrasdosabugal\/wp-content\/uploads\/2025\/06\/Valongo-do-Coa-Ponte-Sequeiros-1024x702.jpg\" alt=\"\" class=\"wp-image-356\" srcset=\"https:\/\/josebarradas.com\/terrasdosabugal\/wp-content\/uploads\/2025\/06\/Valongo-do-Coa-Ponte-Sequeiros-1024x702.jpg 1024w, https:\/\/josebarradas.com\/terrasdosabugal\/wp-content\/uploads\/2025\/06\/Valongo-do-Coa-Ponte-Sequeiros-300x206.jpg 300w, https:\/\/josebarradas.com\/terrasdosabugal\/wp-content\/uploads\/2025\/06\/Valongo-do-Coa-Ponte-Sequeiros-768x527.jpg 768w, https:\/\/josebarradas.com\/terrasdosabugal\/wp-content\/uploads\/2025\/06\/Valongo-do-Coa-Ponte-Sequeiros-1536x1053.jpg 1536w, https:\/\/josebarradas.com\/terrasdosabugal\/wp-content\/uploads\/2025\/06\/Valongo-do-Coa-Ponte-Sequeiros-2048x1404.jpg 2048w\" sizes=\"auto, (max-width: 1024px) 100vw, 1024px\" \/><\/figure>\n<\/div>\n\n\n<p><\/p>\n\n\n<div class=\"wp-block-image\">\n<figure class=\"aligncenter size-large\"><img loading=\"lazy\" decoding=\"async\" width=\"1024\" height=\"690\" src=\"https:\/\/josebarradas.com\/terrasdosabugal\/wp-content\/uploads\/2025\/06\/Sortelha-castelo-e-pelourinho-1024x690.jpg\" alt=\"\" class=\"wp-image-357\" srcset=\"https:\/\/josebarradas.com\/terrasdosabugal\/wp-content\/uploads\/2025\/06\/Sortelha-castelo-e-pelourinho-1024x690.jpg 1024w, https:\/\/josebarradas.com\/terrasdosabugal\/wp-content\/uploads\/2025\/06\/Sortelha-castelo-e-pelourinho-300x202.jpg 300w, https:\/\/josebarradas.com\/terrasdosabugal\/wp-content\/uploads\/2025\/06\/Sortelha-castelo-e-pelourinho-768x517.jpg 768w, https:\/\/josebarradas.com\/terrasdosabugal\/wp-content\/uploads\/2025\/06\/Sortelha-castelo-e-pelourinho-1536x1035.jpg 1536w, https:\/\/josebarradas.com\/terrasdosabugal\/wp-content\/uploads\/2025\/06\/Sortelha-castelo-e-pelourinho-2048x1380.jpg 2048w, https:\/\/josebarradas.com\/terrasdosabugal\/wp-content\/uploads\/2025\/06\/Sortelha-castelo-e-pelourinho-337x226.jpg 337w\" sizes=\"auto, (max-width: 1024px) 100vw, 1024px\" \/><\/figure>\n<\/div>\n\n\n<p><\/p>\n\n\n<div class=\"wp-block-image\">\n<figure class=\"aligncenter size-large\"><img loading=\"lazy\" decoding=\"async\" width=\"1024\" height=\"598\" src=\"https:\/\/josebarradas.com\/terrasdosabugal\/wp-content\/uploads\/2025\/06\/jose-barradas-02-1024x598.jpg\" alt=\"\" class=\"wp-image-358\" srcset=\"https:\/\/josebarradas.com\/terrasdosabugal\/wp-content\/uploads\/2025\/06\/jose-barradas-02-1024x598.jpg 1024w, https:\/\/josebarradas.com\/terrasdosabugal\/wp-content\/uploads\/2025\/06\/jose-barradas-02-300x175.jpg 300w, https:\/\/josebarradas.com\/terrasdosabugal\/wp-content\/uploads\/2025\/06\/jose-barradas-02-768x449.jpg 768w, https:\/\/josebarradas.com\/terrasdosabugal\/wp-content\/uploads\/2025\/06\/jose-barradas-02-1536x897.jpg 1536w, https:\/\/josebarradas.com\/terrasdosabugal\/wp-content\/uploads\/2025\/06\/jose-barradas-02.jpg 2048w\" sizes=\"auto, (max-width: 1024px) 100vw, 1024px\" \/><\/figure>\n<\/div>\n\n<div class=\"wp-block-image\">\n<figure class=\"aligncenter size-full is-resized\"><img loading=\"lazy\" decoding=\"async\" width=\"960\" height=\"960\" src=\"https:\/\/josebarradas.com\/terrasdosabugal\/wp-content\/uploads\/2025\/06\/LIVRO-Terras-do-Sabugal-Patrimonio.jpg\" alt=\"\" class=\"wp-image-375\" style=\"width:742px;height:auto\" srcset=\"https:\/\/josebarradas.com\/terrasdosabugal\/wp-content\/uploads\/2025\/06\/LIVRO-Terras-do-Sabugal-Patrimonio.jpg 960w, https:\/\/josebarradas.com\/terrasdosabugal\/wp-content\/uploads\/2025\/06\/LIVRO-Terras-do-Sabugal-Patrimonio-300x300.jpg 300w, https:\/\/josebarradas.com\/terrasdosabugal\/wp-content\/uploads\/2025\/06\/LIVRO-Terras-do-Sabugal-Patrimonio-150x150.jpg 150w, https:\/\/josebarradas.com\/terrasdosabugal\/wp-content\/uploads\/2025\/06\/LIVRO-Terras-do-Sabugal-Patrimonio-768x768.jpg 768w, https:\/\/josebarradas.com\/terrasdosabugal\/wp-content\/uploads\/2025\/06\/LIVRO-Terras-do-Sabugal-Patrimonio-70x70.jpg 70w\" sizes=\"auto, (max-width: 960px) 100vw, 960px\" \/><\/figure>\n<\/div>","protected":false},"excerpt":{"rendered":"<p>Terras do Sabugal, um Concelho para descobrir. O concelho do Sabugal, situado no distrito da Guarda, a nordeste do territ\u00f3rio nacional, \u00e9 um concelho rico em patrim\u00f3nio, algum dele de caracter\u00edsticas \u00fanicas no pa\u00eds. Um concelho que at\u00e9 2013 foi constitu\u00eddo por 40 freguesias, constantes &hellip; <\/p>\n","protected":false},"author":1,"featured_media":0,"parent":0,"menu_order":0,"comment_status":"closed","ping_status":"closed","template":"","meta":{"footnotes":""},"class_list":["post-327","page","type-page","status-publish","hentry"],"aioseo_notices":[],"_links":{"self":[{"href":"https:\/\/josebarradas.com\/terrasdosabugal\/wp-json\/wp\/v2\/pages\/327","targetHints":{"allow":["GET"]}}],"collection":[{"href":"https:\/\/josebarradas.com\/terrasdosabugal\/wp-json\/wp\/v2\/pages"}],"about":[{"href":"https:\/\/josebarradas.com\/terrasdosabugal\/wp-json\/wp\/v2\/types\/page"}],"author":[{"embeddable":true,"href":"https:\/\/josebarradas.com\/terrasdosabugal\/wp-json\/wp\/v2\/users\/1"}],"replies":[{"embeddable":true,"href":"https:\/\/josebarradas.com\/terrasdosabugal\/wp-json\/wp\/v2\/comments?post=327"}],"version-history":[{"count":7,"href":"https:\/\/josebarradas.com\/terrasdosabugal\/wp-json\/wp\/v2\/pages\/327\/revisions"}],"predecessor-version":[{"id":376,"href":"https:\/\/josebarradas.com\/terrasdosabugal\/wp-json\/wp\/v2\/pages\/327\/revisions\/376"}],"wp:attachment":[{"href":"https:\/\/josebarradas.com\/terrasdosabugal\/wp-json\/wp\/v2\/media?parent=327"}],"curies":[{"name":"wp","href":"https:\/\/api.w.org\/{rel}","templated":true}]}}