{"id":96,"date":"2016-11-26T20:35:40","date_gmt":"2016-11-26T20:35:40","guid":{"rendered":"http:\/\/raratheme.com\/preview\/book-landing-page\/?page_id=96"},"modified":"2025-06-19T18:15:53","modified_gmt":"2025-06-19T18:15:53","slug":"page-samples","status":"publish","type":"page","link":"https:\/\/josebarradas.com\/terrasdosabugal\/page-samples\/","title":{"rendered":"Imprensa"},"content":{"rendered":"\n<p class=\"has-text-align-center\"><strong>Recortes de Imprensa sobre o lan\u00e7amento e divulga\u00e7\u00e3o do livro &#8220;Terras do Sabugal &#8211; Patrim\u00f3nio&#8221;<\/strong><\/p>\n\n\n<div class=\"wp-block-image\">\n<figure class=\"aligncenter size-large is-resized\"><img loading=\"lazy\" decoding=\"async\" width=\"1024\" height=\"835\" src=\"https:\/\/josebarradas.com\/terrasdosabugal\/wp-content\/uploads\/2025\/06\/Jornal-Cinco-Quinas-maio-2018-1-1024x835.jpg\" alt=\"\" class=\"wp-image-288\" style=\"width:652px;height:auto\" srcset=\"https:\/\/josebarradas.com\/terrasdosabugal\/wp-content\/uploads\/2025\/06\/Jornal-Cinco-Quinas-maio-2018-1-1024x835.jpg 1024w, https:\/\/josebarradas.com\/terrasdosabugal\/wp-content\/uploads\/2025\/06\/Jornal-Cinco-Quinas-maio-2018-1-300x245.jpg 300w, https:\/\/josebarradas.com\/terrasdosabugal\/wp-content\/uploads\/2025\/06\/Jornal-Cinco-Quinas-maio-2018-1-768x626.jpg 768w, https:\/\/josebarradas.com\/terrasdosabugal\/wp-content\/uploads\/2025\/06\/Jornal-Cinco-Quinas-maio-2018-1-1536x1252.jpg 1536w, https:\/\/josebarradas.com\/terrasdosabugal\/wp-content\/uploads\/2025\/06\/Jornal-Cinco-Quinas-maio-2018-1.jpg 1800w\" sizes=\"auto, (max-width: 1024px) 100vw, 1024px\" \/><figcaption class=\"wp-element-caption\">Jornal Cinco Quinas &#8211; Maio 2018<\/figcaption><\/figure>\n<\/div>\n\n<div class=\"wp-block-image\">\n<figure class=\"aligncenter size-full is-resized\"><img loading=\"lazy\" decoding=\"async\" width=\"507\" height=\"631\" src=\"https:\/\/josebarradas.com\/terrasdosabugal\/wp-content\/uploads\/2025\/06\/A-Guarda-7-09-2017.jpg\" alt=\"\" class=\"wp-image-267\" style=\"width:316px;height:auto\" srcset=\"https:\/\/josebarradas.com\/terrasdosabugal\/wp-content\/uploads\/2025\/06\/A-Guarda-7-09-2017.jpg 507w, https:\/\/josebarradas.com\/terrasdosabugal\/wp-content\/uploads\/2025\/06\/A-Guarda-7-09-2017-241x300.jpg 241w\" sizes=\"auto, (max-width: 507px) 100vw, 507px\" \/><figcaption class=\"wp-element-caption\">Jornal A Guarda &#8211; 7 Setembro 2017<\/figcaption><\/figure>\n<\/div>\n\n<div class=\"wp-block-image\">\n<figure class=\"aligncenter size-large\"><img loading=\"lazy\" decoding=\"async\" width=\"1024\" height=\"420\" src=\"https:\/\/josebarradas.com\/terrasdosabugal\/wp-content\/uploads\/2025\/06\/A-Guarda-14-09-2017-1024x420.jpg\" alt=\"\" class=\"wp-image-268\" srcset=\"https:\/\/josebarradas.com\/terrasdosabugal\/wp-content\/uploads\/2025\/06\/A-Guarda-14-09-2017-1024x420.jpg 1024w, https:\/\/josebarradas.com\/terrasdosabugal\/wp-content\/uploads\/2025\/06\/A-Guarda-14-09-2017-300x123.jpg 300w, https:\/\/josebarradas.com\/terrasdosabugal\/wp-content\/uploads\/2025\/06\/A-Guarda-14-09-2017-768x315.jpg 768w, https:\/\/josebarradas.com\/terrasdosabugal\/wp-content\/uploads\/2025\/06\/A-Guarda-14-09-2017-1536x630.jpg 1536w, https:\/\/josebarradas.com\/terrasdosabugal\/wp-content\/uploads\/2025\/06\/A-Guarda-14-09-2017.jpg 1618w\" sizes=\"auto, (max-width: 1024px) 100vw, 1024px\" \/><figcaption class=\"wp-element-caption\">Jornal A Guarda &#8211; 14 Setembro 2017<\/figcaption><\/figure>\n<\/div>\n\n<div class=\"wp-block-image\">\n<figure class=\"aligncenter size-large is-resized\"><img loading=\"lazy\" decoding=\"async\" width=\"607\" height=\"1024\" src=\"https:\/\/josebarradas.com\/terrasdosabugal\/wp-content\/uploads\/2025\/06\/beira-pt-15-09-2017-607x1024.jpg\" alt=\"\" class=\"wp-image-269\" style=\"width:444px;height:auto\" srcset=\"https:\/\/josebarradas.com\/terrasdosabugal\/wp-content\/uploads\/2025\/06\/beira-pt-15-09-2017-607x1024.jpg 607w, https:\/\/josebarradas.com\/terrasdosabugal\/wp-content\/uploads\/2025\/06\/beira-pt-15-09-2017-178x300.jpg 178w, https:\/\/josebarradas.com\/terrasdosabugal\/wp-content\/uploads\/2025\/06\/beira-pt-15-09-2017.jpg 682w\" sizes=\"auto, (max-width: 607px) 100vw, 607px\" \/><figcaption class=\"wp-element-caption\">A Beira &#8211; 15 Setembro 2017<\/figcaption><\/figure>\n<\/div>\n\n<div class=\"wp-block-image\">\n<figure class=\"aligncenter size-large is-resized\"><img loading=\"lazy\" decoding=\"async\" width=\"694\" height=\"1024\" src=\"https:\/\/josebarradas.com\/terrasdosabugal\/wp-content\/uploads\/2025\/06\/beiras-08-09-2017-694x1024.jpg\" alt=\"\" class=\"wp-image-271\" style=\"width:560px;height:auto\" srcset=\"https:\/\/josebarradas.com\/terrasdosabugal\/wp-content\/uploads\/2025\/06\/beiras-08-09-2017-694x1024.jpg 694w, https:\/\/josebarradas.com\/terrasdosabugal\/wp-content\/uploads\/2025\/06\/beiras-08-09-2017-203x300.jpg 203w, https:\/\/josebarradas.com\/terrasdosabugal\/wp-content\/uploads\/2025\/06\/beiras-08-09-2017-768x1134.jpg 768w, https:\/\/josebarradas.com\/terrasdosabugal\/wp-content\/uploads\/2025\/06\/beiras-08-09-2017-1040x1536.jpg 1040w, https:\/\/josebarradas.com\/terrasdosabugal\/wp-content\/uploads\/2025\/06\/beiras-08-09-2017.jpg 1096w\" sizes=\"auto, (max-width: 694px) 100vw, 694px\" \/><figcaption class=\"wp-element-caption\">Beiras.com &#8211; 8 Setembro 2017<\/figcaption><\/figure>\n<\/div>\n\n<div class=\"wp-block-image\">\n<figure class=\"aligncenter size-full is-resized\"><img loading=\"lazy\" decoding=\"async\" width=\"872\" height=\"898\" src=\"https:\/\/josebarradas.com\/terrasdosabugal\/wp-content\/uploads\/2025\/06\/boletim-out-nov-dez-2017.jpg\" alt=\"\" class=\"wp-image-274\" style=\"width:441px;height:auto\" srcset=\"https:\/\/josebarradas.com\/terrasdosabugal\/wp-content\/uploads\/2025\/06\/boletim-out-nov-dez-2017.jpg 872w, https:\/\/josebarradas.com\/terrasdosabugal\/wp-content\/uploads\/2025\/06\/boletim-out-nov-dez-2017-291x300.jpg 291w, https:\/\/josebarradas.com\/terrasdosabugal\/wp-content\/uploads\/2025\/06\/boletim-out-nov-dez-2017-768x791.jpg 768w\" sizes=\"auto, (max-width: 872px) 100vw, 872px\" \/><figcaption class=\"wp-element-caption\">Boletim Municipal &#8211; Out Nov Dez 2017<\/figcaption><\/figure>\n<\/div>\n\n<div class=\"wp-block-image\">\n<figure class=\"aligncenter size-large is-resized\"><img loading=\"lazy\" decoding=\"async\" width=\"374\" height=\"1024\" src=\"https:\/\/josebarradas.com\/terrasdosabugal\/wp-content\/uploads\/2025\/06\/cinco-quinas-26-09-2017-374x1024.jpg\" alt=\"\" class=\"wp-image-276\" style=\"width:329px;height:auto\" srcset=\"https:\/\/josebarradas.com\/terrasdosabugal\/wp-content\/uploads\/2025\/06\/cinco-quinas-26-09-2017-374x1024.jpg 374w, https:\/\/josebarradas.com\/terrasdosabugal\/wp-content\/uploads\/2025\/06\/cinco-quinas-26-09-2017-110x300.jpg 110w, https:\/\/josebarradas.com\/terrasdosabugal\/wp-content\/uploads\/2025\/06\/cinco-quinas-26-09-2017-768x2101.jpg 768w, https:\/\/josebarradas.com\/terrasdosabugal\/wp-content\/uploads\/2025\/06\/cinco-quinas-26-09-2017-749x2048.jpg 749w, https:\/\/josebarradas.com\/terrasdosabugal\/wp-content\/uploads\/2025\/06\/cinco-quinas-26-09-2017.jpg 786w\" sizes=\"auto, (max-width: 374px) 100vw, 374px\" \/><figcaption class=\"wp-element-caption\">Cinco Quinas &#8211; 26 Setembro 2017<\/figcaption><\/figure>\n<\/div>\n\n<div class=\"wp-block-image\">\n<figure class=\"aligncenter size-large is-resized\"><img loading=\"lazy\" decoding=\"async\" width=\"741\" height=\"1024\" src=\"https:\/\/josebarradas.com\/terrasdosabugal\/wp-content\/uploads\/2025\/06\/cinco-quinas-out-2017-741x1024.jpg\" alt=\"\" class=\"wp-image-278\" style=\"width:480px;height:auto\" srcset=\"https:\/\/josebarradas.com\/terrasdosabugal\/wp-content\/uploads\/2025\/06\/cinco-quinas-out-2017-741x1024.jpg 741w, https:\/\/josebarradas.com\/terrasdosabugal\/wp-content\/uploads\/2025\/06\/cinco-quinas-out-2017-217x300.jpg 217w, https:\/\/josebarradas.com\/terrasdosabugal\/wp-content\/uploads\/2025\/06\/cinco-quinas-out-2017-768x1061.jpg 768w, https:\/\/josebarradas.com\/terrasdosabugal\/wp-content\/uploads\/2025\/06\/cinco-quinas-out-2017-1112x1536.jpg 1112w, https:\/\/josebarradas.com\/terrasdosabugal\/wp-content\/uploads\/2025\/06\/cinco-quinas-out-2017-1482x2048.jpg 1482w, https:\/\/josebarradas.com\/terrasdosabugal\/wp-content\/uploads\/2025\/06\/cinco-quinas-out-2017.jpg 1592w\" sizes=\"auto, (max-width: 741px) 100vw, 741px\" \/><figcaption class=\"wp-element-caption\">Jornal Cinco Quinas &#8211; Outubro 2017<\/figcaption><\/figure>\n<\/div>\n\n<div class=\"wp-block-image\">\n<figure class=\"aligncenter size-full is-resized\"><img loading=\"lazy\" decoding=\"async\" width=\"817\" height=\"943\" src=\"https:\/\/josebarradas.com\/terrasdosabugal\/wp-content\/uploads\/2025\/06\/ciudadrodrigo_net.jpg\" alt=\"\" class=\"wp-image-280\" style=\"width:563px;height:auto\" srcset=\"https:\/\/josebarradas.com\/terrasdosabugal\/wp-content\/uploads\/2025\/06\/ciudadrodrigo_net.jpg 817w, https:\/\/josebarradas.com\/terrasdosabugal\/wp-content\/uploads\/2025\/06\/ciudadrodrigo_net-260x300.jpg 260w, https:\/\/josebarradas.com\/terrasdosabugal\/wp-content\/uploads\/2025\/06\/ciudadrodrigo_net-768x886.jpg 768w\" sizes=\"auto, (max-width: 817px) 100vw, 817px\" \/><figcaption class=\"wp-element-caption\">CiudadRodrigo.net &#8211; 5 Setembro 2017<\/figcaption><\/figure>\n<\/div>\n\n<div class=\"wp-block-image\">\n<figure class=\"aligncenter size-large is-resized\"><img loading=\"lazy\" decoding=\"async\" width=\"557\" height=\"1024\" src=\"https:\/\/josebarradas.com\/terrasdosabugal\/wp-content\/uploads\/2025\/06\/correio-da-guarda-06-09-2017-557x1024.jpg\" alt=\"\" class=\"wp-image-281\" style=\"width:469px;height:auto\" srcset=\"https:\/\/josebarradas.com\/terrasdosabugal\/wp-content\/uploads\/2025\/06\/correio-da-guarda-06-09-2017-557x1024.jpg 557w, https:\/\/josebarradas.com\/terrasdosabugal\/wp-content\/uploads\/2025\/06\/correio-da-guarda-06-09-2017-163x300.jpg 163w, https:\/\/josebarradas.com\/terrasdosabugal\/wp-content\/uploads\/2025\/06\/correio-da-guarda-06-09-2017-768x1413.jpg 768w, https:\/\/josebarradas.com\/terrasdosabugal\/wp-content\/uploads\/2025\/06\/correio-da-guarda-06-09-2017-835x1536.jpg 835w, https:\/\/josebarradas.com\/terrasdosabugal\/wp-content\/uploads\/2025\/06\/correio-da-guarda-06-09-2017.jpg 974w\" sizes=\"auto, (max-width: 557px) 100vw, 557px\" \/><figcaption class=\"wp-element-caption\">Correio da Guarda 6 Setembro 2017<\/figcaption><\/figure>\n<\/div>\n\n<div class=\"wp-block-image\">\n<figure class=\"aligncenter size-full is-resized\"><img loading=\"lazy\" decoding=\"async\" width=\"983\" height=\"870\" src=\"https:\/\/josebarradas.com\/terrasdosabugal\/wp-content\/uploads\/2025\/06\/fotografiaportugal-destaque.jpg\" alt=\"\" class=\"wp-image-283\" style=\"width:451px;height:auto\" srcset=\"https:\/\/josebarradas.com\/terrasdosabugal\/wp-content\/uploads\/2025\/06\/fotografiaportugal-destaque.jpg 983w, https:\/\/josebarradas.com\/terrasdosabugal\/wp-content\/uploads\/2025\/06\/fotografiaportugal-destaque-300x266.jpg 300w, https:\/\/josebarradas.com\/terrasdosabugal\/wp-content\/uploads\/2025\/06\/fotografiaportugal-destaque-768x680.jpg 768w\" sizes=\"auto, (max-width: 983px) 100vw, 983px\" \/><figcaption class=\"wp-element-caption\">Fotografia Portugal &#8211; Setembro 2017<\/figcaption><\/figure>\n<\/div>\n\n\n<figure class=\"wp-block-image size-large\"><img loading=\"lazy\" decoding=\"async\" width=\"1024\" height=\"526\" src=\"https:\/\/josebarradas.com\/terrasdosabugal\/wp-content\/uploads\/2025\/06\/sabugal_camara-municipal-1024x526.jpg\" alt=\"\" class=\"wp-image-285\" srcset=\"https:\/\/josebarradas.com\/terrasdosabugal\/wp-content\/uploads\/2025\/06\/sabugal_camara-municipal-1024x526.jpg 1024w, https:\/\/josebarradas.com\/terrasdosabugal\/wp-content\/uploads\/2025\/06\/sabugal_camara-municipal-300x154.jpg 300w, https:\/\/josebarradas.com\/terrasdosabugal\/wp-content\/uploads\/2025\/06\/sabugal_camara-municipal-768x395.jpg 768w, https:\/\/josebarradas.com\/terrasdosabugal\/wp-content\/uploads\/2025\/06\/sabugal_camara-municipal-1536x789.jpg 1536w, https:\/\/josebarradas.com\/terrasdosabugal\/wp-content\/uploads\/2025\/06\/sabugal_camara-municipal.jpg 1822w\" sizes=\"auto, (max-width: 1024px) 100vw, 1024px\" \/><figcaption class=\"wp-element-caption\">Website da C\u00e2mara Municipal do Sabugal &#8211; Setembro 2017<\/figcaption><\/figure>\n\n\n<div class=\"wp-block-image\">\n<figure class=\"aligncenter size-full is-resized\"><img loading=\"lazy\" decoding=\"async\" width=\"911\" height=\"322\" src=\"https:\/\/josebarradas.com\/terrasdosabugal\/wp-content\/uploads\/2025\/06\/O-Interior-14-09-2017.jpg\" alt=\"\" class=\"wp-image-286\" style=\"width:659px;height:auto\" srcset=\"https:\/\/josebarradas.com\/terrasdosabugal\/wp-content\/uploads\/2025\/06\/O-Interior-14-09-2017.jpg 911w, https:\/\/josebarradas.com\/terrasdosabugal\/wp-content\/uploads\/2025\/06\/O-Interior-14-09-2017-300x106.jpg 300w, https:\/\/josebarradas.com\/terrasdosabugal\/wp-content\/uploads\/2025\/06\/O-Interior-14-09-2017-768x271.jpg 768w\" sizes=\"auto, (max-width: 911px) 100vw, 911px\" \/><figcaption class=\"wp-element-caption\">Jornal O Interior &#8211; 14 Setembro 2017<\/figcaption><\/figure>\n<\/div>\n\n\n<figure class=\"wp-block-image size-full\"><img loading=\"lazy\" decoding=\"async\" width=\"960\" height=\"605\" src=\"https:\/\/josebarradas.com\/terrasdosabugal\/wp-content\/uploads\/2025\/06\/trp2-folha-sala.jpg\" alt=\"\" class=\"wp-image-370\" srcset=\"https:\/\/josebarradas.com\/terrasdosabugal\/wp-content\/uploads\/2025\/06\/trp2-folha-sala.jpg 960w, https:\/\/josebarradas.com\/terrasdosabugal\/wp-content\/uploads\/2025\/06\/trp2-folha-sala-300x189.jpg 300w, https:\/\/josebarradas.com\/terrasdosabugal\/wp-content\/uploads\/2025\/06\/trp2-folha-sala-768x484.jpg 768w\" sizes=\"auto, (max-width: 960px) 100vw, 960px\" \/><figcaption class=\"wp-element-caption\">RTP 2 &#8211;  Folha de Sala &#8211; Setembro 2017<\/figcaption><\/figure>\n\n\n\n<p><\/p>\n","protected":false},"excerpt":{"rendered":"<p>Recortes de Imprensa sobre o lan\u00e7amento e divulga\u00e7\u00e3o do livro &#8220;Terras do Sabugal &#8211; Patrim\u00f3nio&#8221;<\/p>\n","protected":false},"author":1,"featured_media":0,"parent":0,"menu_order":0,"comment_status":"closed","ping_status":"closed","template":"","meta":{"footnotes":""},"class_list":["post-96","page","type-page","status-publish","hentry"],"aioseo_notices":[],"_links":{"self":[{"href":"https:\/\/josebarradas.com\/terrasdosabugal\/wp-json\/wp\/v2\/pages\/96","targetHints":{"allow":["GET"]}}],"collection":[{"href":"https:\/\/josebarradas.com\/terrasdosabugal\/wp-json\/wp\/v2\/pages"}],"about":[{"href":"https:\/\/josebarradas.com\/terrasdosabugal\/wp-json\/wp\/v2\/types\/page"}],"author":[{"embeddable":true,"href":"https:\/\/josebarradas.com\/terrasdosabugal\/wp-json\/wp\/v2\/users\/1"}],"replies":[{"embeddable":true,"href":"https:\/\/josebarradas.com\/terrasdosabugal\/wp-json\/wp\/v2\/comments?post=96"}],"version-history":[{"count":12,"href":"https:\/\/josebarradas.com\/terrasdosabugal\/wp-json\/wp\/v2\/pages\/96\/revisions"}],"predecessor-version":[{"id":373,"href":"https:\/\/josebarradas.com\/terrasdosabugal\/wp-json\/wp\/v2\/pages\/96\/revisions\/373"}],"wp:attachment":[{"href":"https:\/\/josebarradas.com\/terrasdosabugal\/wp-json\/wp\/v2\/media?parent=96"}],"curies":[{"name":"wp","href":"https:\/\/api.w.org\/{rel}","templated":true}]}}